{"version":"1.0","provider_name":"Anwalt Arbeitsrecht in der N\u00e4he - Dr. Schmelzer","provider_url":"https:\/\/anwalt.rocks\/arbeitsrecht","author_name":"admin","author_url":"https:\/\/anwalt.rocks\/arbeitsrecht\/author\/admin\/","title":"Anwalt Gl\u00fcckstadt Arbeitsrecht Mandanten Vertreung f\u00fcr Arbeitgeber und Arbeitnehmer.","type":"rich","width":600,"height":338,"html":"<blockquote class=\"wp-embedded-content\" data-secret=\"rIDKv8O1ht\"><a href=\"https:\/\/anwalt.rocks\/arbeitsrecht\/glueckstadt\/\">Anwalt Gl\u00fcckstadt Arbeitsrecht Mandanten Vertreung f\u00fcr Arbeitgeber und Arbeitnehmer.<\/a><\/blockquote><iframe sandbox=\"allow-scripts\" security=\"restricted\" src=\"https:\/\/anwalt.rocks\/arbeitsrecht\/glueckstadt\/embed\/#?secret=rIDKv8O1ht\" width=\"600\" height=\"338\" title=\"&#8222;Anwalt Gl\u00fcckstadt Arbeitsrecht Mandanten Vertreung f\u00fcr Arbeitgeber und Arbeitnehmer.&#8220; &#8211; Anwalt Arbeitsrecht in der N\u00e4he - Dr. Schmelzer\" data-secret=\"rIDKv8O1ht\" frameborder=\"0\" marginwidth=\"0\" marginheight=\"0\" scrolling=\"no\" class=\"wp-embedded-content\"><\/iframe><script type=\"text\/javascript\">\n\/* <![CDATA[ *\/\n\/*! This file is auto-generated *\/\n!function(d,l){\"use strict\";l.querySelector&&d.addEventListener&&\"undefined\"!=typeof URL&&(d.wp=d.wp||{},d.wp.receiveEmbedMessage||(d.wp.receiveEmbedMessage=function(e){var t=e.data;if((t||t.secret||t.message||t.value)&&!\/[^a-zA-Z0-9]\/.test(t.secret)){for(var s,r,n,a=l.querySelectorAll('iframe[data-secret=\"'+t.secret+'\"]'),o=l.querySelectorAll('blockquote[data-secret=\"'+t.secret+'\"]'),c=new RegExp(\"^https?:$\",\"i\"),i=0;i<o.length;i++)o[i].style.display=\"none\";for(i=0;i<a.length;i++)s=a[i],e.source===s.contentWindow&&(s.removeAttribute(\"style\"),\"height\"===t.message?(1e3<(r=parseInt(t.value,10))?r=1e3:~~r<200&&(r=200),s.height=r):\"link\"===t.message&&(r=new URL(s.getAttribute(\"src\")),n=new URL(t.value),c.test(n.protocol))&&n.host===r.host&&l.activeElement===s&&(d.top.location.href=t.value))}},d.addEventListener(\"message\",d.wp.receiveEmbedMessage,!1),l.addEventListener(\"DOMContentLoaded\",function(){for(var e,t,s=l.querySelectorAll(\"iframe.wp-embedded-content\"),r=0;r<s.length;r++)(t=(e=s[r]).getAttribute(\"data-secret\"))||(t=Math.random().toString(36).substring(2,12),e.src+=\"#?secret=\"+t,e.setAttribute(\"data-secret\",t)),e.contentWindow.postMessage({message:\"ready\",secret:t},\"*\")},!1)))}(window,document);\n\/\/# sourceURL=https:\/\/anwalt.rocks\/arbeitsrecht\/wp-includes\/js\/wp-embed.min.js\n\/* ]]> *\/\n<\/script>\n","description":"Anwalt Gl\u00fcckstadt &#8211; \u00fcberw\u00e4ltigender Prozess von der Kanzlei Dr. Stephan Schmelzer bez\u00fcglich Mutterschutz. Rechtsanwalt IT- und Arbeitsrecht Gl\u00fcckstadt &#8211; Anwaltskanzlei Dr. Stephan Schmelzer. Arbeitsrechtliche Fragen? Dr. Stephan Schmelzer ist f\u00fcr Sie da. Mit einer Fachanwaltszulassung seit 2002 hat er sich im Arbeitsrecht einen Namen gemacht, der weit \u00fcber Ahlen hinaus reicht. Seine Kanzlei steht seit\u2026 weiterlesen","thumbnail_url":"https:\/\/anwalt.rocks\/bilder\/arbeitsrecht\/anwalt-arbeitsrecht-600x600.webp"}