{"version":"1.0","provider_name":"Anwalt Arbeitsrecht in der N\u00e4he - Dr. Schmelzer","provider_url":"https:\/\/anwalt.rocks\/arbeitsrecht","author_name":"admin","author_url":"https:\/\/anwalt.rocks\/arbeitsrecht\/author\/admin\/","title":"Anwalt Arbeitsrecht Wieck auf dem Dar\u00df","type":"rich","width":600,"height":338,"html":"<blockquote class=\"wp-embedded-content\" data-secret=\"nnuxihTQzy\"><a href=\"https:\/\/anwalt.rocks\/arbeitsrecht\/region\/wieck-auf-dem-darss\/\">Anwalt Arbeitsrecht Wieck auf dem Dar\u00df<\/a><\/blockquote><iframe sandbox=\"allow-scripts\" security=\"restricted\" src=\"https:\/\/anwalt.rocks\/arbeitsrecht\/region\/wieck-auf-dem-darss\/embed\/#?secret=nnuxihTQzy\" width=\"600\" height=\"338\" title=\"&#8222;Anwalt Arbeitsrecht Wieck auf dem Dar\u00df&#8220; &#8211; Anwalt Arbeitsrecht in der N\u00e4he - Dr. Schmelzer\" data-secret=\"nnuxihTQzy\" frameborder=\"0\" marginwidth=\"0\" marginheight=\"0\" scrolling=\"no\" class=\"wp-embedded-content\"><\/iframe><script type=\"text\/javascript\">\n\/* <![CDATA[ *\/\n\/*! This file is auto-generated *\/\n!function(d,l){\"use strict\";l.querySelector&&d.addEventListener&&\"undefined\"!=typeof URL&&(d.wp=d.wp||{},d.wp.receiveEmbedMessage||(d.wp.receiveEmbedMessage=function(e){var t=e.data;if((t||t.secret||t.message||t.value)&&!\/[^a-zA-Z0-9]\/.test(t.secret)){for(var s,r,n,a=l.querySelectorAll('iframe[data-secret=\"'+t.secret+'\"]'),o=l.querySelectorAll('blockquote[data-secret=\"'+t.secret+'\"]'),c=new RegExp(\"^https?:$\",\"i\"),i=0;i<o.length;i++)o[i].style.display=\"none\";for(i=0;i<a.length;i++)s=a[i],e.source===s.contentWindow&&(s.removeAttribute(\"style\"),\"height\"===t.message?(1e3<(r=parseInt(t.value,10))?r=1e3:~~r<200&&(r=200),s.height=r):\"link\"===t.message&&(r=new URL(s.getAttribute(\"src\")),n=new URL(t.value),c.test(n.protocol))&&n.host===r.host&&l.activeElement===s&&(d.top.location.href=t.value))}},d.addEventListener(\"message\",d.wp.receiveEmbedMessage,!1),l.addEventListener(\"DOMContentLoaded\",function(){for(var e,t,s=l.querySelectorAll(\"iframe.wp-embedded-content\"),r=0;r<s.length;r++)(t=(e=s[r]).getAttribute(\"data-secret\"))||(t=Math.random().toString(36).substring(2,12),e.src+=\"#?secret=\"+t,e.setAttribute(\"data-secret\",t)),e.contentWindow.postMessage({message:\"ready\",secret:t},\"*\")},!1)))}(window,document);\n\/\/# sourceURL=https:\/\/anwalt.rocks\/arbeitsrecht\/wp-includes\/js\/wp-embed.min.js\n\/* ]]> *\/\n<\/script>\n","description":"Experte Arbeitsrecht Wieck auf dem Dar\u00df f\u00fcr Arbeitnehmer und Arbeitgeber f\u00fcr Teilzeit und flexible Arbeitszeit. Partnerst\u00e4dte: Keine Partnerst\u00e4dte Rechtsanwalt Arbeitsrecht anwalt-wickerode &#8211; Soziet\u00e4t Dr. Stephan Schmelzer. Dr. Stephan Schmelzer \u2013 der Fachanwalt Ihres Vertrauens im Bereich Arbeitsrecht. Seine umfassende Berufserfahrung von mehr als 25 Jahren und seine Fachanwaltszulassung im Arbeitsrecht machen ihn \u00fcber Ahlen hinaus\u2026 weiterlesen","thumbnail_url":"https:\/\/anwalt.rocks\/bilder\/arbeitsrecht\/anwalt-arbeitsrecht-600x600.webp"}