{"id":26686,"date":"2025-01-17T22:34:31","date_gmt":"2025-01-17T21:34:31","guid":{"rendered":"https:\/\/anwalt.rocks\/arbeitsrecht\/?page_id=26686"},"modified":"2025-01-17T22:45:53","modified_gmt":"2025-01-17T21:45:53","slug":"region","status":"publish","type":"page","link":"https:\/\/anwalt.rocks\/arbeitsrecht\/region\/","title":{"rendered":"Anwalt Arbeitsrecht in der N\u00e4he Region"},"content":{"rendered":"<span class=\"span-reading-time rt-reading-time\" style=\"display: block;\"><span class=\"rt-label rt-prefix\">Lesedauer<\/span> <span class=\"rt-time\"> &lt; 1<\/span> <span class=\"rt-label rt-postfix\">Minute<\/span><\/span><h1>Anwalt Arbeitsrecht in der N\u00e4he Region<\/h1>\n<div class=\"container-box\">\n<div class=\"box\">\n<h2>Anwalt Arbeitsrecht in der Region und online f\u00fcr den gesamten Raum DACH &#8211; Deutschland &#8211; \u00d6sterreich &#8211; Schweiz<\/h2>\n<div class=\"su-row\">\n<div class=\"su-column su-column-size-1-2\"><div class=\"su-column-inner su-u-clearfix su-u-trim\">\n<h3>Deutschland<\/h3>\n<img loading=\"lazy\" decoding=\"async\" src=\"https:\/\/anwalt.rocks\/bilder\/karte-flagge-deutschland.webp\" alt=\"Karte Deutschland\" width=\"220\" height=\"220\" \/>\n<ul>\n<li><a title=\"Anwalt Arbeitsrecht Aachen\" href=\"https:\/\/anwalt.rocks\/arbeitsrecht\/region\/aachen\/\">Aachen<\/a><\/li>\n<li><a title=\"Anwalt Arbeitsrecht Augsburg\" href=\"https:\/\/anwalt.rocks\/arbeitsrecht\/region\/augsburg\/\">Augsburg<\/a><\/li>\n<li><a title=\"Anwalt Arbeitsrecht Berlin\" href=\"https:\/\/anwalt.rocks\/arbeitsrecht\/region\/berlin\/\">Berlin<\/a><\/li>\n<li><a title=\"Anwalt Arbeitsrecht Bielefeld\" href=\"https:\/\/anwalt.rocks\/arbeitsrecht\/region\/bielefeld\/\">Bielefeld<\/a><\/li>\n<li><a title=\"Anwalt Arbeitsrecht Bochum\" href=\"https:\/\/anwalt.rocks\/arbeitsrecht\/region\/bochum\/\">Bochum<\/a><\/li>\n<li><a title=\"Anwalt Arbeitsrecht Bonn\" href=\"https:\/\/anwalt.rocks\/arbeitsrecht\/region\/bonn\/\">Bonn<\/a><\/li>\n<li><a title=\"Anwalt Arbeitsrecht Braunschweig\" href=\"https:\/\/anwalt.rocks\/arbeitsrecht\/region\/braunschweig\/\">Braunschweig<\/a><\/li>\n<li><a title=\"Anwalt Arbeitsrecht Bremen\" href=\"https:\/\/anwalt.rocks\/arbeitsrecht\/region\/bremen\/\">Bremen<\/a><\/li>\n<li><a title=\"Anwalt Arbeitsrecht Dortmund\" href=\"https:\/\/anwalt.rocks\/arbeitsrecht\/region\/dortmund\/\">Dortmund<\/a><\/li>\n<li><a title=\"Anwalt Arbeitsrecht Dresden\" href=\"https:\/\/anwalt.rocks\/arbeitsrecht\/region\/dresden\/\">Dresden<\/a><\/li>\n<li><a title=\"Anwalt Arbeitsrecht D\u00fcsseldorf\" href=\"https:\/\/anwalt.rocks\/arbeitsrecht\/region\/duesseldorf\/\">D\u00fcsseldorf<\/a><\/li>\n<li><a title=\"Anwalt Arbeitsrecht Duisburg\" href=\"https:\/\/anwalt.rocks\/arbeitsrecht\/region\/duisburg\/\">Duisburg<\/a><\/li>\n<li><a title=\"Anwalt Arbeitsrecht Erfurt\" href=\"https:\/\/anwalt.rocks\/arbeitsrecht\/region\/erfurt\/\">Erfurt<\/a><\/li>\n<li><a title=\"Anwalt Arbeitsrecht Essen\" href=\"https:\/\/anwalt.rocks\/arbeitsrecht\/region\/essen\/\">Essen<\/a><\/li>\n<li><a title=\"Anwalt Arbeitsrecht Frankfurt\" href=\"https:\/\/anwalt.rocks\/arbeitsrecht\/region\/frankfurt\/\">Frankfurt<\/a><\/li>\n<li><a title=\"Anwalt Arbeitsrecht Freiburg\" href=\"https:\/\/anwalt.rocks\/arbeitsrecht\/region\/freiburg\/\">Freiburg<\/a><\/li>\n<li><a title=\"Anwalt Arbeitsrecht Gelsenkirchen\" href=\"https:\/\/anwalt.rocks\/arbeitsrecht\/region\/gelsenkirchen\/\">Gelsenkirchen<\/a><\/li>\n<li><a title=\"Anwalt Arbeitsrecht Hagen\" href=\"https:\/\/anwalt.rocks\/arbeitsrecht\/region\/hagen\/\">Hagen<\/a><\/li>\n<li><a title=\"Anwalt Arbeitsrecht Hamburg\" href=\"https:\/\/anwalt.rocks\/arbeitsrecht\/region\/hamburg\/\">Hamburg<\/a><\/li>\n<li><a title=\"Anwalt Arbeitsrecht Hannover\" href=\"https:\/\/anwalt.rocks\/arbeitsrecht\/region\/hannover\/\">Hannover<\/a><\/li>\n<li><a title=\"Anwalt Arbeitsrecht Karlsruhe\" href=\"https:\/\/anwalt.rocks\/arbeitsrecht\/region\/karlsruhe\/\">Karlsruhe<\/a><\/li>\n<li><a title=\"Anwalt Arbeitsrecht Kassel\" href=\"https:\/\/anwalt.rocks\/arbeitsrecht\/region\/kassel\/\">Kassel<\/a><\/li>\n<li><a title=\"Anwalt Arbeitsrecht Kiel\" href=\"https:\/\/anwalt.rocks\/arbeitsrecht\/region\/kiel\/\">Kiel<\/a><\/li>\n<li><a title=\"Anwalt Arbeitsrecht K\u00f6ln\" href=\"https:\/\/anwalt.rocks\/arbeitsrecht\/region\/koeln\/\">K\u00f6ln<\/a><\/li>\n<li><a title=\"Anwalt Arbeitsrecht Krefeld\" href=\"https:\/\/anwalt.rocks\/arbeitsrecht\/region\/krefeld\/\">Krefeld<\/a><\/li>\n<li><a title=\"Anwalt Arbeitsrecht Leipzig\" href=\"https:\/\/anwalt.rocks\/arbeitsrecht\/region\/leipzig\/\">Leipzig<\/a><\/li>\n<li><a title=\"Anwalt Arbeitsrecht L\u00fcbeck\" href=\"https:\/\/anwalt.rocks\/arbeitsrecht\/region\/luebeck\/\">L\u00fcbeck<\/a><\/li>\n<li><a title=\"Anwalt Arbeitsrecht Magdeburg\" href=\"https:\/\/anwalt.rocks\/arbeitsrecht\/region\/magdeburg\/\">Magdeburg<\/a><\/li>\n<li><a title=\"Anwalt Arbeitsrecht Mainz\" href=\"https:\/\/anwalt.rocks\/arbeitsrecht\/region\/mainz\/\">Mainz<\/a><\/li>\n<li><a title=\"Anwalt Arbeitsrecht Mannheim\" href=\"https:\/\/anwalt.rocks\/arbeitsrecht\/region\/mannheim\/\">Mannheim<\/a><\/li>\n<li><a title=\"Anwalt Arbeitsrecht M\u00f6nchengladbach\" href=\"https:\/\/anwalt.rocks\/arbeitsrecht\/region\/moenchengladbach\/\">M\u00f6nchengladbach<\/a><\/li>\n<li><a title=\"Anwalt Arbeitsrecht M\u00fcnchen\" href=\"https:\/\/anwalt.rocks\/arbeitsrecht\/region\/muenchen\/\">M\u00fcnchen<\/a><\/li>\n<li><a title=\"Anwalt Arbeitsrecht M\u00fcnster\" href=\"https:\/\/anwalt.rocks\/arbeitsrecht\/region\/muenster\/\">M\u00fcnster<\/a><\/li>\n<li><a title=\"Anwalt Arbeitsrecht N\u00fcrnberg\" href=\"https:\/\/anwalt.rocks\/arbeitsrecht\/region\/nuernberg\/\">N\u00fcrnberg<\/a><\/li>\n<li><a title=\"Anwalt Arbeitsrecht Oberhausen\" href=\"https:\/\/anwalt.rocks\/arbeitsrecht\/region\/oberhausen\/\">Oberhausen<\/a><\/li>\n<li><a title=\"Anwalt Arbeitsrecht Rostock\" href=\"https:\/\/anwalt.rocks\/arbeitsrecht\/region\/rostock\/\">Rostock<\/a><\/li>\n<li><a title=\"Anwalt Arbeitsrecht Stuttgart\" href=\"https:\/\/anwalt.rocks\/arbeitsrecht\/region\/stuttgart\/\">Stuttgart<\/a><\/li>\n<li><a title=\"Anwalt Arbeitsrecht Wiesbaden\" href=\"https:\/\/anwalt.rocks\/arbeitsrecht\/region\/wiesbaden\/\">Wiesbaden<\/a><\/li>\n<li><a title=\"Anwalt Arbeitsrecht Wuppertal\" href=\"https:\/\/anwalt.rocks\/arbeitsrecht\/region\/wuppertal\/\">Wuppertal<\/a><\/li>\n<\/ul>\n<\/div><\/div>\n<img loading=\"lazy\" decoding=\"async\" src=\"https:\/\/anwalt.rocks\/bilder\/karte-flagge-oesterreich.webp\" alt=\"Karte \u00d6sterreich\" width=\"220\" height=\"220\" \/><br \/>\n<div class=\"su-column su-column-size-1-2\"><div class=\"su-column-inner su-u-clearfix su-u-trim\">\n<h3>\u00d6sterreich<\/h3>\n<ul>\n<li><a title=\"Anwalt Arbeitsrecht Wien\" href=\"https:\/\/anwalt.rocks\/arbeitsrecht\/region\/wien\/\">Wien<\/a><\/li>\n<li><a title=\"Anwalt Arbeitsrecht Graz\" href=\"https:\/\/anwalt.rocks\/arbeitsrecht\/region\/graz\/\">Graz<\/a><\/li>\n<li><a title=\"Anwalt Arbeitsrecht Salzburg\" href=\"https:\/\/anwalt.rocks\/arbeitsrecht\/region\/salzburg\/\">Salzburg<\/a><\/li>\n<li><a title=\"Anwalt Arbeitsrecht Innsbruck \" href=\"https:\/\/anwalt.rocks\/arbeitsrecht\/region\/innsbruck\/\">Innsbruck<\/a><\/li>\n<li><a title=\"Anwalt Arbeitsrecht Klagenfurt\" href=\"https:\/\/anwalt.rocks\/arbeitsrecht\/region\/klagenfurt\/\">Klagenfurt<\/a><\/li>\n<li><a title=\"Anwalt Arbeitsrecht Villach\" href=\"https:\/\/anwalt.rocks\/arbeitsrecht\/region\/villach\/\">Villach<\/a><\/li>\n<li><a title=\"Anwalt Arbeitsrecht St. P\u00f6lten\" href=\"https:\/\/anwalt.rocks\/arbeitsrecht\/region\/st-poelten\/\">St. P\u00f6lten<\/a><\/li>\n<li><a title=\"Anwalt Arbeitsrecht Dornbirn\" href=\"https:\/\/anwalt.rocks\/arbeitsrecht\/region\/dornbirn\/\">Dornbirn<\/a><\/li>\n<li><a title=\"Anwalt Arbeitsrecht Burgenland\" href=\"https:\/\/anwalt.rocks\/arbeitsrecht\/region\/burgenland\/\">Burgenland<\/a><\/li>\n<li><a title=\"Anwalt Arbeitsrecht K\u00e4rnten\" href=\"https:\/\/anwalt.rocks\/arbeitsrecht\/region\/kaernten\/\">K\u00e4rnten<\/a><\/li>\n<li><a title=\"Anwalt Arbeitsrecht Nieder\u00f6sterreich\" href=\"https:\/\/anwalt.rocks\/arbeitsrecht\/region\/niederoesterreich\/\">Nieder\u00f6sterreich<\/a><\/li>\n<li><a title=\"Anwalt Arbeitsrecht Ober\u00f6sterreich\" href=\"https:\/\/anwalt.rocks\/arbeitsrecht\/region\/oberoesterreich\/\">Ober\u00f6sterreich<\/a><\/li>\n<li><a title=\"Anwalt Arbeitsrecht Steiermark\" href=\"https:\/\/anwalt.rocks\/arbeitsrecht\/region\/steiermark\/\">Steiermark<\/a><\/li>\n<li><a title=\"Anwalt Arbeitsrecht Tirol\" href=\"https:\/\/anwalt.rocks\/arbeitsrecht\/region\/tirol\/\">Tirol<\/a><\/li>\n<li><a title=\"Anwalt Arbeitsrecht Vorarlberg\" href=\"https:\/\/anwalt.rocks\/arbeitsrecht\/region\/vorarlberg\/\">Vorarlberg<\/a><\/li>\n<\/ul>\n<img loading=\"lazy\" decoding=\"async\" src=\"https:\/\/anwalt.rocks\/bilder\/karte-flagge-schweiz.webp\" alt=\"Karte Schweiz\" width=\"220\" height=\"220\" \/>\n<h3>Schweiz<\/h3>\n<ul>\n<li><a title=\"Anwalt Arbeitsrecht Basel\" href=\"https:\/\/anwalt.rocks\/arbeitsrecht\/region\/basel\/\">Basel<\/a><\/li>\n<li><a title=\"Anwalt Arbeitsrecht Bern\" href=\"https:\/\/anwalt.rocks\/arbeitsrecht\/region\/bern\/\">Bern<\/a><\/li>\n<li><a title=\"Anwalt Arbeitsrecht Genf\" href=\"https:\/\/anwalt.rocks\/arbeitsrecht\/region\/genf\/\">Genf<\/a><\/li>\n<li><a title=\"Anwalt Arbeitsrecht Luzern\" href=\"https:\/\/anwalt.rocks\/arbeitsrecht\/region\/luzern\/\">Luzern<\/a><\/li>\n<li><a title=\"Anwalt Arbeitsrecht Solothurn\" href=\"https:\/\/anwalt.rocks\/arbeitsrecht\/region\/solothurn\/\">Solothurn<\/a><\/li>\n<li><a title=\"Anwalt Arbeitsrecht St. Gallen\" href=\"https:\/\/anwalt.rocks\/arbeitsrecht\/region\/st-gallen\/\">St. Gallen<\/a><\/li>\n<li><a title=\"Anwalt Arbeitsrecht Thun\" href=\"https:\/\/anwalt.rocks\/arbeitsrecht\/region\/thun\/\">Thun<\/a><\/li>\n<li><a title=\"Anwalt Arbeitsrecht Winterthur\" href=\"https:\/\/anwalt.rocks\/arbeitsrecht\/region\/winterthur\/\">Winterthur<\/a><\/li>\n<li><a title=\"Anwalt Arbeitsrecht Z\u00fcrich\" href=\"https:\/\/anwalt.rocks\/arbeitsrecht\/region\/zuerich\/\">Z\u00fcrich<\/a><\/li>\n<li><a title=\"Anwalt Arbeitsrecht Zug\" href=\"https:\/\/anwalt.rocks\/arbeitsrecht\/region\/zug\/\">Zug<\/a><\/li>\n<li><a title=\"Anwalt Arbeitsrecht Glarus\" href=\"https:\/\/anwalt.rocks\/arbeitsrecht\/region\/glarus\/\">Glarus<\/a><\/li>\n<li><a title=\"Anwalt Arbeitsrecht Graub\u00fcnden\" href=\"https:\/\/anwalt.rocks\/arbeitsrecht\/region\/graubuenden\/\">Graub\u00fcnden<\/a><\/li>\n<li><a title=\"Anwalt Arbeitsrecht Jura\" href=\"https:\/\/anwalt.rocks\/arbeitsrecht\/region\/jura\/\">Jura<\/a><\/li>\n<li><a title=\"Anwalt Arbeitsrecht Neuenburg\" href=\"https:\/\/anwalt.rocks\/arbeitsrecht\/region\/neuenburg\/\">Neuenburg<\/a><\/li>\n<li><a title=\"Anwalt Arbeitsrecht Obwalden\" href=\"https:\/\/anwalt.rocks\/arbeitsrecht\/region\/obwalden\/\">Obwalden<\/a><\/li>\n<li><a title=\"Anwalt Arbeitsrecht Schaffhausen\" href=\"https:\/\/anwalt.rocks\/arbeitsrecht\/region\/schaffhausen\/\">Schaffhausen<\/a><\/li>\n<li><a title=\"Anwalt Arbeitsrecht Schwyz\" href=\"https:\/\/anwalt.rocks\/arbeitsrecht\/region\/schwyz\/\">Schwyz<\/a><\/li>\n<li><a title=\"Anwalt Arbeitsrecht Tessin\" href=\"https:\/\/anwalt.rocks\/arbeitsrecht\/region\/tessin\/\">Tessin<\/a><\/li>\n<li><a title=\"Anwalt Arbeitsrecht Thurgau\" href=\"https:\/\/anwalt.rocks\/arbeitsrecht\/region\/thurgau\/\">Thurgau<\/a><\/li>\n<\/ul>\n<\/div><\/div>\n<\/div>\n<\/div>\n<\/div>\n","protected":false},"excerpt":{"rendered":"<p><span class=\"span-reading-time rt-reading-time\" style=\"display: block;\"><span class=\"rt-label rt-prefix\">Lesedauer<\/span> <span class=\"rt-time\"> &lt; 1<\/span> <span class=\"rt-label rt-postfix\">Minute<\/span><\/span>Anwalt Arbeitsrecht in der N\u00e4he Region Anwalt Arbeitsrecht in der Region und online f\u00fcr den gesamten Raum DACH &#8211; Deutschland &#8211; \u00d6sterreich &#8211; Schweiz<\/p>\n","protected":false},"author":1,"featured_media":0,"parent":0,"menu_order":0,"comment_status":"closed","ping_status":"closed","template":"","meta":{"footnotes":""},"tags":[],"class_list":["post-26686","page","type-page","status-publish","hentry"],"yoast_head":"<!-- This site is optimized with the Yoast SEO Premium plugin v27.1 (Yoast SEO v27.2) - https:\/\/yoast.com\/product\/yoast-seo-premium-wordpress\/ -->\n<title>Anwalt Arbeitsrecht in der N\u00e4he Region<\/title>\n<meta name=\"robots\" content=\"index, follow, max-snippet:-1, max-image-preview:large, max-video-preview:-1\" \/>\n<link rel=\"canonical\" href=\"https:\/\/anwalt.rocks\/arbeitsrecht\/region\/\" \/>\n<meta property=\"og:locale\" content=\"de_DE\" \/>\n<meta property=\"og:type\" content=\"article\" \/>\n<meta property=\"og:title\" content=\"Anwalt Arbeitsrecht in der N\u00e4he Region\" \/>\n<meta property=\"og:description\" content=\"Lesedauer &lt; 1 MinuteAnwalt Arbeitsrecht in der N\u00e4he Region Anwalt Arbeitsrecht in der Region und online f\u00fcr den gesamten Raum DACH &#8211; Deutschland &#8211; \u00d6sterreich &#8211; Schweiz\" \/>\n<meta property=\"og:url\" content=\"https:\/\/anwalt.rocks\/arbeitsrecht\/region\/\" \/>\n<meta property=\"og:site_name\" content=\"Anwalt Arbeitsrecht in der N\u00e4he - Dr. Schmelzer\" \/>\n<meta property=\"article:modified_time\" content=\"2025-01-17T21:45:53+00:00\" \/>\n<meta property=\"og:image\" content=\"https:\/\/anwalt.rocks\/bilder\/karte-flagge-deutschland.webp\" \/>\n<meta name=\"twitter:card\" content=\"summary_large_image\" \/>\n<meta name=\"twitter:label1\" content=\"Gesch\u00e4tzte Lesezeit\" \/>\n\t<meta name=\"twitter:data1\" content=\"1\u00a0Minute\" \/>\n<script type=\"application\/ld+json\" class=\"yoast-schema-graph\">{\"@context\":\"https:\/\/schema.org\",\"@graph\":[{\"@type\":\"WebPage\",\"@id\":\"https:\/\/anwalt.rocks\/arbeitsrecht\/region\/\",\"url\":\"https:\/\/anwalt.rocks\/arbeitsrecht\/region\/\",\"name\":\"Anwalt Arbeitsrecht in der N\u00e4he Region\",\"isPartOf\":{\"@id\":\"https:\/\/anwalt.rocks\/arbeitsrecht\/#website\"},\"primaryImageOfPage\":{\"@id\":\"https:\/\/anwalt.rocks\/arbeitsrecht\/region\/#primaryimage\"},\"image\":{\"@id\":\"https:\/\/anwalt.rocks\/arbeitsrecht\/region\/#primaryimage\"},\"thumbnailUrl\":\"https:\/\/anwalt.rocks\/bilder\/karte-flagge-deutschland.webp\",\"datePublished\":\"2025-01-17T21:34:31+00:00\",\"dateModified\":\"2025-01-17T21:45:53+00:00\",\"breadcrumb\":{\"@id\":\"https:\/\/anwalt.rocks\/arbeitsrecht\/region\/#breadcrumb\"},\"inLanguage\":\"de\",\"potentialAction\":[{\"@type\":\"ReadAction\",\"target\":[\"https:\/\/anwalt.rocks\/arbeitsrecht\/region\/\"]}]},{\"@type\":\"ImageObject\",\"inLanguage\":\"de\",\"@id\":\"https:\/\/anwalt.rocks\/arbeitsrecht\/region\/#primaryimage\",\"url\":\"https:\/\/anwalt.rocks\/bilder\/karte-flagge-deutschland.webp\",\"contentUrl\":\"https:\/\/anwalt.rocks\/bilder\/karte-flagge-deutschland.webp\"},{\"@type\":\"BreadcrumbList\",\"@id\":\"https:\/\/anwalt.rocks\/arbeitsrecht\/region\/#breadcrumb\",\"itemListElement\":[{\"@type\":\"ListItem\",\"position\":1,\"name\":\"Start\",\"item\":\"https:\/\/anwalt.rocks\/arbeitsrecht\/\"},{\"@type\":\"ListItem\",\"position\":2,\"name\":\"Anwalt Arbeitsrecht in der N\u00e4he Region\"}]},{\"@type\":\"WebSite\",\"@id\":\"https:\/\/anwalt.rocks\/arbeitsrecht\/#website\",\"url\":\"https:\/\/anwalt.rocks\/arbeitsrecht\/\",\"name\":\"Anwalt Arbeitsrecht in der N\u00e4he - Dr. Schmelzer\",\"description\":\"Kompetenzen und Vorteile von Dr. Stephan Schmelzer \u2013 Anwalt und Fachanwalt f\u00fcr Arbeitsrecht mit 25 j\u00e4hriger Berufspraxis.\",\"publisher\":{\"@id\":\"https:\/\/anwalt.rocks\/arbeitsrecht\/#organization\"},\"potentialAction\":[{\"@type\":\"SearchAction\",\"target\":{\"@type\":\"EntryPoint\",\"urlTemplate\":\"https:\/\/anwalt.rocks\/arbeitsrecht\/?s={search_term_string}\"},\"query-input\":{\"@type\":\"PropertyValueSpecification\",\"valueRequired\":true,\"valueName\":\"search_term_string\"}}],\"inLanguage\":\"de\"},{\"@type\":\"Organization\",\"@id\":\"https:\/\/anwalt.rocks\/arbeitsrecht\/#organization\",\"name\":\"Kanzlei Dr. Schmelzer\",\"url\":\"https:\/\/anwalt.rocks\/arbeitsrecht\/\",\"logo\":{\"@type\":\"ImageObject\",\"inLanguage\":\"de\",\"@id\":\"https:\/\/anwalt.rocks\/arbeitsrecht\/#\/schema\/logo\/image\/\",\"url\":\"https:\/\/anwalt.rocks\/arbeitsrecht\/wp-content\/uploads\/sites\/2\/2025\/01\/anwalt-arbeitsrecht-logo.png\",\"contentUrl\":\"https:\/\/anwalt.rocks\/arbeitsrecht\/wp-content\/uploads\/sites\/2\/2025\/01\/anwalt-arbeitsrecht-logo.png\",\"width\":450,\"height\":150,\"caption\":\"Kanzlei Dr. Schmelzer\"},\"image\":{\"@id\":\"https:\/\/anwalt.rocks\/arbeitsrecht\/#\/schema\/logo\/image\/\"}}]}<\/script>\n<!-- \/ Yoast SEO Premium plugin. -->","yoast_head_json":{"title":"Anwalt Arbeitsrecht in der N\u00e4he Region","robots":{"index":"index","follow":"follow","max-snippet":"max-snippet:-1","max-image-preview":"max-image-preview:large","max-video-preview":"max-video-preview:-1"},"canonical":"https:\/\/anwalt.rocks\/arbeitsrecht\/region\/","og_locale":"de_DE","og_type":"article","og_title":"Anwalt Arbeitsrecht in der N\u00e4he Region","og_description":"Lesedauer &lt; 1 MinuteAnwalt Arbeitsrecht in der N\u00e4he Region Anwalt Arbeitsrecht in der Region und online f\u00fcr den gesamten Raum DACH &#8211; Deutschland &#8211; \u00d6sterreich &#8211; Schweiz","og_url":"https:\/\/anwalt.rocks\/arbeitsrecht\/region\/","og_site_name":"Anwalt Arbeitsrecht in der N\u00e4he - Dr. Schmelzer","article_modified_time":"2025-01-17T21:45:53+00:00","og_image":[{"url":"https:\/\/anwalt.rocks\/bilder\/karte-flagge-deutschland.webp","type":"","width":"","height":""}],"twitter_card":"summary_large_image","twitter_misc":{"Gesch\u00e4tzte Lesezeit":"1\u00a0Minute"},"schema":{"@context":"https:\/\/schema.org","@graph":[{"@type":"WebPage","@id":"https:\/\/anwalt.rocks\/arbeitsrecht\/region\/","url":"https:\/\/anwalt.rocks\/arbeitsrecht\/region\/","name":"Anwalt Arbeitsrecht in der N\u00e4he Region","isPartOf":{"@id":"https:\/\/anwalt.rocks\/arbeitsrecht\/#website"},"primaryImageOfPage":{"@id":"https:\/\/anwalt.rocks\/arbeitsrecht\/region\/#primaryimage"},"image":{"@id":"https:\/\/anwalt.rocks\/arbeitsrecht\/region\/#primaryimage"},"thumbnailUrl":"https:\/\/anwalt.rocks\/bilder\/karte-flagge-deutschland.webp","datePublished":"2025-01-17T21:34:31+00:00","dateModified":"2025-01-17T21:45:53+00:00","breadcrumb":{"@id":"https:\/\/anwalt.rocks\/arbeitsrecht\/region\/#breadcrumb"},"inLanguage":"de","potentialAction":[{"@type":"ReadAction","target":["https:\/\/anwalt.rocks\/arbeitsrecht\/region\/"]}]},{"@type":"ImageObject","inLanguage":"de","@id":"https:\/\/anwalt.rocks\/arbeitsrecht\/region\/#primaryimage","url":"https:\/\/anwalt.rocks\/bilder\/karte-flagge-deutschland.webp","contentUrl":"https:\/\/anwalt.rocks\/bilder\/karte-flagge-deutschland.webp"},{"@type":"BreadcrumbList","@id":"https:\/\/anwalt.rocks\/arbeitsrecht\/region\/#breadcrumb","itemListElement":[{"@type":"ListItem","position":1,"name":"Start","item":"https:\/\/anwalt.rocks\/arbeitsrecht\/"},{"@type":"ListItem","position":2,"name":"Anwalt Arbeitsrecht in der N\u00e4he Region"}]},{"@type":"WebSite","@id":"https:\/\/anwalt.rocks\/arbeitsrecht\/#website","url":"https:\/\/anwalt.rocks\/arbeitsrecht\/","name":"Anwalt Arbeitsrecht in der N\u00e4he - Dr. Schmelzer","description":"Kompetenzen und Vorteile von Dr. Stephan Schmelzer \u2013 Anwalt und Fachanwalt f\u00fcr Arbeitsrecht mit 25 j\u00e4hriger Berufspraxis.","publisher":{"@id":"https:\/\/anwalt.rocks\/arbeitsrecht\/#organization"},"potentialAction":[{"@type":"SearchAction","target":{"@type":"EntryPoint","urlTemplate":"https:\/\/anwalt.rocks\/arbeitsrecht\/?s={search_term_string}"},"query-input":{"@type":"PropertyValueSpecification","valueRequired":true,"valueName":"search_term_string"}}],"inLanguage":"de"},{"@type":"Organization","@id":"https:\/\/anwalt.rocks\/arbeitsrecht\/#organization","name":"Kanzlei Dr. Schmelzer","url":"https:\/\/anwalt.rocks\/arbeitsrecht\/","logo":{"@type":"ImageObject","inLanguage":"de","@id":"https:\/\/anwalt.rocks\/arbeitsrecht\/#\/schema\/logo\/image\/","url":"https:\/\/anwalt.rocks\/arbeitsrecht\/wp-content\/uploads\/sites\/2\/2025\/01\/anwalt-arbeitsrecht-logo.png","contentUrl":"https:\/\/anwalt.rocks\/arbeitsrecht\/wp-content\/uploads\/sites\/2\/2025\/01\/anwalt-arbeitsrecht-logo.png","width":450,"height":150,"caption":"Kanzlei Dr. Schmelzer"},"image":{"@id":"https:\/\/anwalt.rocks\/arbeitsrecht\/#\/schema\/logo\/image\/"}}]}},"_links":{"self":[{"href":"https:\/\/anwalt.rocks\/arbeitsrecht\/wp-json\/wp\/v2\/pages\/26686","targetHints":{"allow":["GET"]}}],"collection":[{"href":"https:\/\/anwalt.rocks\/arbeitsrecht\/wp-json\/wp\/v2\/pages"}],"about":[{"href":"https:\/\/anwalt.rocks\/arbeitsrecht\/wp-json\/wp\/v2\/types\/page"}],"author":[{"embeddable":true,"href":"https:\/\/anwalt.rocks\/arbeitsrecht\/wp-json\/wp\/v2\/users\/1"}],"replies":[{"embeddable":true,"href":"https:\/\/anwalt.rocks\/arbeitsrecht\/wp-json\/wp\/v2\/comments?post=26686"}],"version-history":[{"count":4,"href":"https:\/\/anwalt.rocks\/arbeitsrecht\/wp-json\/wp\/v2\/pages\/26686\/revisions"}],"predecessor-version":[{"id":26690,"href":"https:\/\/anwalt.rocks\/arbeitsrecht\/wp-json\/wp\/v2\/pages\/26686\/revisions\/26690"}],"wp:attachment":[{"href":"https:\/\/anwalt.rocks\/arbeitsrecht\/wp-json\/wp\/v2\/media?parent=26686"}],"wp:term":[{"taxonomy":"post_tag","embeddable":true,"href":"https:\/\/anwalt.rocks\/arbeitsrecht\/wp-json\/wp\/v2\/tags?post=26686"}],"curies":[{"name":"wp","href":"https:\/\/api.w.org\/{rel}","templated":true}]}}